{"id":5591,"date":"2025-05-21T15:22:57","date_gmt":"2025-05-21T18:22:57","guid":{"rendered":"https:\/\/emad-caba.infd.edu.ar\/sitio\/?page_id=5591"},"modified":"2025-06-13T19:11:21","modified_gmt":"2025-06-13T22:11:21","slug":"profesor-a-de-maquillaje-faa-maquillaje-y-caracterizacion-i-y-ii-tec-sup-escenografia-vestuario-y-maquillaje-profesorado-de-teatro","status":"publish","type":"page","link":"https:\/\/emad-caba.infd.edu.ar\/sitio\/profesor-a-de-maquillaje-faa-maquillaje-y-caracterizacion-i-y-ii-tec-sup-escenografia-vestuario-y-maquillaje-profesorado-de-teatro\/","title":{"rendered":"Profesor\/a de Maquillaje &#8211; FAA Maquillaje y caracterizaci\u00f3n I y II &#8211; TEC SUP ESCENOGRAFIA  Vestuario y Maquillaje &#8211; PROFESORADO DE TEATRO"},"content":{"rendered":"\n<p><\/p>\n\n\n\n<p><strong>ATENCION<\/strong>: Se extiende la convocatoria hasta el lunes 23 de junio de 2025 a las 23:59 hs.<\/p>\n\n\n\n<p><strong>Selecci\u00f3n de antecedentes 07-25: Profesor\/a de Maquillaje, Carrera de Formaci\u00f3n del&nbsp; Actor y Actriz; Maquillaje y Caracterizaci\u00f3n I y II, Tecnicatura Superior en&nbsp; Escenograf\u00eda; y Vestuario y Maquillaje, Profesorado de Teatro.&nbsp;<\/strong><\/p>\n\n\n\n<p>El Rectorado y el Consejo Directivo de la EMAD convocan a inscripci\u00f3n para la Selecci\u00f3n de &nbsp;antecedentes con el fin de establecer un orden de m\u00e9rito vigente por 3 (tres) a\u00f1os en el cargo &nbsp;de Profesor\/a interino\/a\/suplente de Maquillaje para la carrera de Formaci\u00f3n del Actor y Actriz; &nbsp;Maquillaje y Caracterizaci\u00f3n para la Tecnicatura Superior en Escenograf\u00eda; Vestuario y &nbsp;Maquillaje para el Profesorado de Teatro. Lxs aspirantes deber\u00e1n presentarse a las tres &nbsp;asignaturas proponiendo un proyecto integrador que contemple los contenidos m\u00ednimos de &nbsp;todas las asignaturas abajo mencionadas. &nbsp;<\/p>\n\n\n\n<p><strong>Formaci\u00f3n del Actor y Actriz<\/strong><strong>&nbsp;<\/strong><\/p>\n\n\n\n<p><strong>MAQUILLAJE \u2013 <\/strong>SEMINARIO OBLIGATORIO&nbsp;<\/p>\n\n\n\n<p><strong>3 horas c\u00e1tedra \/ profesor\/a<\/strong>. ANUAL&nbsp;<\/p>\n\n\n\n<p>D\u00eda y horario de la asignatura:&nbsp;<\/p>\n\n\n\n<p>Mi\u00e9rcoles de 14 a 16 h. (para 3\u00ba y 4\u00baa\u00f1o TM) \u2013 Sede Sarmiento&nbsp;<\/p>\n\n\n\n<p><strong>3 horas c\u00e1tedra \/ profesor\/a. <\/strong>ANUAL&nbsp;<\/p>\n\n\n\n<p>D\u00eda y horario de la asignatura:&nbsp;<\/p>\n\n\n\n<p>Mi\u00e9rcoles de 16 a 18 h. (para 3\u00ba y 4\u00baa\u00f1o TV) &#8211; Sede Sarmiento&nbsp;<\/p>\n\n\n\n<p><strong>6 horas c\u00e1tedra \/ profesor\/a. <\/strong>CUATRIMESTRAL&nbsp;<\/p>\n\n\n\n<p>D\u00eda y horario de la asignatura:&nbsp;<\/p>\n\n\n\n<p>S\u00e1bados de 9 a 13 hs (Egresadxs y 4\u00baa\u00f1o TM y TV) &#8211; Sede Sarmiento o Forest (a&nbsp; confirmar)&nbsp;<\/p>\n\n\n\n<p><strong>Tecnicatura Superior en Escenograf\u00eda.&nbsp;<\/strong><\/p>\n\n\n\n<p><strong>MAQUILLAJE Y CARACTERIZACI\u00d3N I \u2013 <\/strong>ANUAL&nbsp;<\/p>\n\n\n\n<p><strong>3 horas c\u00e1tedra \/ profesor\/a.&nbsp;<\/strong><\/p>\n\n\n\n<p>D\u00eda y horario de la asignatura: S\u00e1bado 9 a 11h \u2013 Sede Forest&nbsp;<\/p>\n\n\n\n<p><strong>MAQUILLAJE Y CARACTERIZACI\u00d3N II \u2013 <\/strong>ANUAL&nbsp;<\/p>\n\n\n\n<p><strong>3 horas c\u00e1tedra \/ profesor\/a.&nbsp;<\/strong><\/p>\n\n\n\n<p>D\u00eda y horario de la asignatura: Mi\u00e9rcoles 9 a 11h \u2013 Sede Forest&nbsp;<\/p>\n\n\n\n<p><strong>Profesorado de Teatro&nbsp;<\/strong><\/p>\n\n\n\n<p><strong>VESTUARIO Y MAQUILLAJE \u2013<\/strong><strong> <\/strong>CUATRIMESTRAL- 2\u00ba CUATRIMESTRE <strong>3 horas c\u00e1tedra \/ profesor\/a<\/strong>.&nbsp;<\/p>\n\n\n\n<p>D\u00eda y horario de la asignatura: Lunes 13:30 a 15:30 h \u2013 Sede Sarmiento<\/p>\n\n\n\n<p>Importante: Los d\u00edas y horarios de dictado est\u00e1n sujetos a modificaciones por parte de la &nbsp;instituci\u00f3n en relaci\u00f3n con las actualizaciones de los planes de estudio.&nbsp;<\/p>\n\n\n\n<p><strong>Perfil docente en el contexto institucional:&nbsp;<\/strong><\/p>\n\n\n\n<p>Se requiere que el\/la aspirante se centre en la ense\u00f1anza del <strong>Maquillaje<\/strong><strong><sub>; <\/sub><\/strong><strong>Maquillaje y <\/strong><strong>&nbsp;<\/strong><strong>Caracterizaci\u00f3n; Maquillaje y Vestuario en su modalidad te\u00f3rico y pr\u00e1ctica<\/strong>, y que su &nbsp;propuesta pedag\u00f3gica se corresponda con los contenidos m\u00ednimos pautados. As\u00ed mismo se &nbsp;requiere que el\/la aspirante tenga experiencia en la <strong>relaci\u00f3n al maquillaje <\/strong><strong>&nbsp;<\/strong><strong>teatral\/caracterizaci\u00f3n y maquillaje y vestuario en su relaci\u00f3n con lo esc\u00e9nico. <\/strong><strong>&nbsp;<\/strong>Asimismo, que posea una probada experiencia en lo profesional, en su relaci\u00f3n con &nbsp;instituciones educativas y amplios antecedentes en el trabajo pedag\u00f3gico con grupos de &nbsp;estudiantes. Se pondr\u00e1 una especial consideraci\u00f3n hacia su compromiso con la educaci\u00f3n &nbsp;p\u00fablica, siendo necesario que pueda desempe\u00f1ar una firme voluntad de trabajo en equipo y &nbsp;articulaci\u00f3n con el resto de las materias de las Carreras y Tecnicaturas, seg\u00fan la identidad de &nbsp;la EMAD que la distingue de otras escuelas de formaci\u00f3n.&nbsp;<\/p>\n\n\n\n<p>Asimismo, que tenga conocimiento de las siguientes leyes:&nbsp;<\/p>\n\n\n\n<p>a) Ley 26.150 Programa Nacional de Educaci\u00f3n Sexual Integral (ESI). b) Ley 26.485 de Protecci\u00f3n Integral a las Mujeres.&nbsp;<\/p>\n\n\n\n<p>c) Ley 1.225 que tiene por objeto prevenir, sancionar y erradicar la violencia en el \u00e1mbito&nbsp; laboral del sector p\u00fablico de la Ciudad Aut\u00f3noma de Buenos Aires.&nbsp;<\/p>\n\n\n\n<p>d) El protocolo de acci\u00f3n institucional para los institutos pertenecientes a la DGEART del&nbsp; Ministerio de Cultura del GCBA para la prevenci\u00f3n e intervenci\u00f3n ante situaciones de&nbsp; violencia de g\u00e9nero y discriminaci\u00f3n basada en la orientaci\u00f3n sexual e identidad de g\u00e9nero.&nbsp;<\/p>\n\n\n\n<p>Esta documentaci\u00f3n se encuentra en la p\u00e1gina de la EMAD.&nbsp;<\/p>\n\n\n\n<p><strong>Instancias:&nbsp;<\/strong><\/p>\n\n\n\n<p>1. Presentaci\u00f3n de CV-Antecedentes y Proyecto pedag\u00f3gico.&nbsp;<\/p>\n\n\n\n<p>2. Publicaci\u00f3n del listado de aspirantes y de la conformaci\u00f3n de la Comisi\u00f3n docente &nbsp;evaluadora. Per\u00edodo de recusaci\u00f3n.&nbsp;<\/p>\n\n\n\n<p>3. Publicaci\u00f3n y difusi\u00f3n de resultados de la primera instancia: la informaci\u00f3n ser\u00e1 &nbsp;enviada v\u00eda mail.&nbsp;<\/p>\n\n\n\n<p>4. Presentaci\u00f3n a Coloquio\/clase de oposici\u00f3n.&nbsp;<\/p>\n\n\n\n<p>5. Publicaci\u00f3n y difusi\u00f3n del dictamen y orden de m\u00e9rito: a continuaci\u00f3n del coloquio y &nbsp;luego de confeccionadas las actas.&nbsp;<\/p>\n\n\n\n<p>Todas las comunicaciones se efectuar\u00e1n v\u00eda email.<\/p>\n\n\n\n<p><em>La Comisi\u00f3n Evaluadora convocar\u00e1 a instancia de Coloquio\/clase de oposici\u00f3n solo a &nbsp;aquellas personas que cumplimenten los requisitos de inscripci\u00f3n mencionados y que hayan &nbsp;obtenido el puntaje m\u00ednimo necesario para la aprobaci\u00f3n de las instancias de CV Antecedentes y Proyecto pedag\u00f3gico. Si el n\u00famero de postulantes calificados\/as es &nbsp;considerablemente alto, la Comisi\u00f3n limitar\u00e1 la convocatoria a Coloquio\/clase de oposici\u00f3n a &nbsp;los treinta (30) aspirantes con los mayores puntajes resultantes de la sumatoria de CV&nbsp;<\/em><\/p>\n\n\n\n<p><em>Antecedentes y Proyecto pedag\u00f3gico.&nbsp;<\/em><\/p>\n\n\n\n<p>Las fechas de Coloquio dependen de las posibilidades horarias de la Comisi\u00f3n Evaluadora y &nbsp;de la cantidad de aspirantes.&nbsp;<\/p>\n\n\n\n<p>Quienes aspiren a la Selecci\u00f3n de antecedentes docentes no deben estar comprendidos\/as&nbsp; en las cl\u00e1usulas de inhabilitaci\u00f3n para el desempe\u00f1o de cargos p\u00fablicos ni estar&nbsp; afectados\/as por sumarios administrativos o litigios legales dentro del Gobierno de la Ciudad &nbsp;de Buenos Aires.&nbsp;<\/p>\n\n\n\n<p>El GCBA no designa a docentes en situaci\u00f3n jubilatoria.&nbsp;<\/p>\n\n\n\n<p><strong>Plazo: del 21 de mayo al 23 de junio de 2025.&nbsp;<\/strong><\/p>\n\n\n\n<p><strong>La fecha l\u00edmite para recepci\u00f3n de inscripciones es el 23 de junio de 2025 a las 23.59 h.&nbsp;&nbsp;<\/strong><\/p>\n\n\n\n<p>La inscripci\u00f3n se realizar\u00e1 de forma digital por correo electr\u00f3nico a&nbsp;&nbsp;<strong>convocatorias.emad@gmail.com<\/strong>.&nbsp;<\/p>\n\n\n\n<p>Solicitamos por favor colocar en el asunto del email: <strong>Convocatoria 07-25 Maquillaje,&nbsp; <\/strong><strong>Maquillaje y Caracterizaci\u00f3n y Maquillaje y Vestuario \u2013 Apellido, Nombre&nbsp;<\/strong><\/p>\n\n\n\n<p>Quien aspire a la Selecci\u00f3n de antecedentes debe enviar en total <strong>tres archivos <\/strong>en PDF,&nbsp; nombrados con sus datos tal como se explica a continuaci\u00f3n.&nbsp;<\/p>\n\n\n\n<p>La persona que resulte seleccionada deber\u00e1 presentar la documentaci\u00f3n requerida por la &nbsp;Oficina de Personal para dar inicio al tr\u00e1mite de designaci\u00f3n. Quien no presentara dicha &nbsp;documentaci\u00f3n durante los primeros 10 (diez) d\u00edas h\u00e1biles perder\u00e1 su vacante y se continuar\u00e1 &nbsp;con el listado de Orden de m\u00e9rito vigente.&nbsp;<\/p>\n\n\n\n<p><strong>Archivo 1 CV-ANTECEDENTES<\/strong>:&nbsp;<\/p>\n\n\n\n<p>Apellido CV \u2013 Materia o Materias&nbsp;<\/p>\n\n\n\n<p><em>Ejemplo: P\u00e9rez CV \u2013 MAQUILLAJE.pdf<\/em><em>&nbsp;<\/em><\/p>\n\n\n\n<p>La presentaci\u00f3n del CV debe confeccionarse estrictamente seg\u00fan el siguiente modelo. No &nbsp;se considerar\u00e1n aquellos CV que no lo respeten.&nbsp;<\/p>\n\n\n\n<p><strong><em>Modelo de CV&nbsp;<\/em><\/strong><\/p>\n\n\n\n<p>Apellido, nombre.&nbsp;<\/p>\n\n\n\n<p>DNI. P\u00e1gina N\u00ba.&nbsp;<\/p>\n\n\n\n<p>Domicilio.&nbsp;<\/p>\n\n\n\n<p>C\u00f3digo postal.<\/p>\n\n\n\n<p>Tel\u00e9fono fijo.&nbsp;<\/p>\n\n\n\n<p>Tel\u00e9fono celular.&nbsp;<\/p>\n\n\n\n<p>Email.&nbsp;<\/p>\n\n\n\n<p>CUIL. P\u00e1gina N\u00ba.&nbsp;<\/p>\n\n\n\n<p><strong>1. T\u00edtulos obtenidos&nbsp;<\/strong><\/p>\n\n\n\n<p>1.1. T\u00edtulo de base (superior o universitario para el cargo que se postula). Instituci\u00f3n que lo&nbsp; otorga y a\u00f1o de egreso. P\u00e1gina N\u00ba.&nbsp;&nbsp;<\/p>\n\n\n\n<p>1.2. Otros t\u00edtulos. Instituci\u00f3n que lo otorga y a\u00f1o de egreso. En el caso de diplomaturas,&nbsp; especializaciones, maestr\u00edas, doctorados y otros posgrados con acreditaci\u00f3n oficial, se debe &nbsp;detallar obligatoriamente la carga horaria total. Importante: si no lo hiciera, no se computar\u00e1. &nbsp;P\u00e1gina N\u00ba.&nbsp;<\/p>\n\n\n\n<p>Nota: En caso de t\u00edtulos intermedios u obtenidos a lo largo de una misma carrera, se&nbsp; valorar\u00e1 el obtenido en \u00faltimo t\u00e9rmino.&nbsp;<\/p>\n\n\n\n<p>1.3. Especial preparaci\u00f3n a considerar por la Comisi\u00f3n Evaluadora. P\u00e1gina N\u00ba. Solo en caso &nbsp;de no contar con t\u00edtulo, el\/la aspirante deber\u00e1 presentar una nota para solicitar que se&nbsp; otorgue la Especial preparaci\u00f3n. Se aclara que si es otorgada, los antecedentes relevantes&nbsp; en formaci\u00f3n, experiencia docente y\/o cargos de gesti\u00f3n no volver\u00e1n a contabilizarse en los&nbsp; \u00edtems correspondientes. El modelo puede consultarse aqu\u00ed: <a rel=\"noreferrer noopener\" href=\"https:\/\/emad  caba.infd.edu.ar\/sitio\/modelo-carta-solicitud-especial-preparacion\" data-type=\"URL\" data-id=\"https:\/\/emad  caba.infd.edu.ar\/sitio\/modelo-carta-solicitud-especial-preparacion\" target=\"_blank\">https:\/\/emad  caba.infd.edu.ar\/sitio\/modelo-carta-solicitud-especial-preparacion<\/a>.&nbsp;<\/p>\n\n\n\n<p><strong>2. Antecedentes docentes&nbsp;<\/strong><\/p>\n\n\n\n<p>Especificar de la siguiente manera por orden cronol\u00f3gico (desde la experiencia m\u00e1s antigua&nbsp; hasta la m\u00e1s reciente):&nbsp;<\/p>\n\n\n\n<figure class=\"wp-block-table\"><table><tbody><tr><td>Nombre&nbsp;&nbsp;de la&nbsp;&nbsp;materia<\/td><td>Cargo&nbsp;<\/td><td>Instituci\u00f3n&nbsp;<\/td><td>Nivel&nbsp;&nbsp;(Superior,&nbsp; Media,&nbsp;&nbsp;Primaria o &nbsp;Inicial)<\/td><td>Fecha&nbsp;&nbsp;de&nbsp;&nbsp;inicio<\/td><td>Fecha de&nbsp;&nbsp;cese o si&nbsp;&nbsp;contin\u00faa en &nbsp;la&nbsp;&nbsp;actualidad<\/td><td>Antig\u00fcedad&nbsp; expresada&nbsp;&nbsp;en a\u00f1os<\/td><td>P\u00e1gi&nbsp;na&nbsp;&nbsp;N\u00ba<\/td><\/tr><tr><td><\/td><td><\/td><td><\/td><td><\/td><td><\/td><td><\/td><td><\/td><td><\/td><\/tr><\/tbody><\/table><\/figure>\n\n\n\n<p><strong>3. Otros antecedentes acad\u00e9micos y de especializaci\u00f3n <\/strong>para el cargo en el que se&nbsp; postula&nbsp;<\/p>\n\n\n\n<p>3.1. Dictado de cursos extracurriculares en instituciones terciarias no universitarias,&nbsp; universitarias u otras de nivel superior (considerar exclusivamente los relacionados con la&nbsp; especialidad, de duraci\u00f3n no inferior a 30 horas c\u00e1tedra totales). Se computar\u00e1n hasta un&nbsp; total de 20 cursos en este \u00edtem.<\/p>\n\n\n\n<p><\/p>\n\n\n\n<figure class=\"wp-block-table\"><table><tbody><tr><td>Nombre del&nbsp;&nbsp;curso \/ taller \/ &nbsp;seminario<\/td><td>Cargo&nbsp;<\/td><td>Instituci\u00f3n&nbsp;<\/td><td>Car\u00e1cter&nbsp;&nbsp;p\u00fablico o&nbsp;&nbsp;privado<\/td><td>Fecha&nbsp;&nbsp;de&nbsp;&nbsp;inicio<\/td><td>Fecha de cese&nbsp; o si contin\u00faa&nbsp;&nbsp;en la&nbsp;&nbsp;actualidad<\/td><td>P\u00e1gina&nbsp;&nbsp;N\u00ba<\/td><\/tr><tr><td><\/td><td><\/td><td><\/td><td><\/td><td><\/td><td><\/td><td><\/td><\/tr><\/tbody><\/table><\/figure>\n\n\n\n<p>3.2. Carrera en curso espec\u00edfica y\/o af\u00edn con el rol al que se presenta (se exige que tenga el&nbsp; 75% de la carrera cursada). P\u00e1gina N\u00ba.&nbsp;<\/p>\n\n\n\n<p>3.3. Otros cursos, seminarios, congresos y talleres en calidad de organizador, coordinador o &nbsp;disertante. Se computar\u00e1n hasta un total de 10 cursos en este \u00edtem. Detallar de la siguiente&nbsp; manera:&nbsp;<\/p>\n\n\n\n<figure class=\"wp-block-table\"><table><tbody><tr><td>Nombre del curso \/ taller \/ seminario&nbsp;<\/td><td>Rol&nbsp;<\/td><td>Instituci\u00f3n&nbsp;<\/td><td>Lugar&nbsp;<\/td><td>A\u00f1o&nbsp;<\/td><td>P\u00e1gina N\u00ba<\/td><\/tr><tr><td><\/td><td><\/td><td><\/td><td><\/td><td><\/td><td><\/td><\/tr><\/tbody><\/table><\/figure>\n\n\n\n<p>3.4. Otros cursos, seminarios, congresos y talleres en calidad de asistente. Se computar\u00e1n&nbsp; hasta un total de 10 cursos en este \u00edtem. Detallar de la siguiente manera:&nbsp;<\/p>\n\n\n\n<figure class=\"wp-block-table\"><table><tbody><tr><td>Nombre del curso \/ taller \/&nbsp;&nbsp;seminario<\/td><td>Rol&nbsp;<\/td><td>Instituci\u00f3n&nbsp;<\/td><td>Lugar&nbsp;<\/td><td>A\u00f1o&nbsp;<\/td><td>P\u00e1gina N\u00ba<\/td><\/tr><tr><td><\/td><td>Asistente<\/td><td><\/td><td><\/td><td><\/td><td><\/td><\/tr><\/tbody><\/table><\/figure>\n\n\n\n<p>3.5. Ponencias en congresos y jornadas. Se computar\u00e1n hasta un total de 10 ponencias en&nbsp; este \u00edtem. Detallar de la siguiente manera.<\/p>\n\n\n\n<p><\/p>\n\n\n\n<figure class=\"wp-block-table\"><table><tbody><tr><td>T\u00edtulo de la&nbsp;&nbsp;ponencia<\/td><td>Nombre de la actividad&nbsp;&nbsp;(congreso, jornada, encuentro,&nbsp; etc.)<\/td><td>Instituci\u00f3n&nbsp;<\/td><td>Lugar&nbsp;<\/td><td>A\u00f1o&nbsp;<\/td><td>P\u00e1gina&nbsp;&nbsp;N\u00ba<\/td><\/tr><tr><td><\/td><td><\/td><td><\/td><td><\/td><td><\/td><td><\/td><\/tr><\/tbody><\/table><\/figure>\n\n\n\n<p>3.6. Publicaciones (material did\u00e1ctico, libros, art\u00edculos, cuadernillos, fichas). Se computar\u00e1n&nbsp; hasta un total de 10 publicaciones en este \u00edtem. Citar de la siguiente manera. Autor(es). <em>T\u00edtulo. <\/em>Lugar. A\u00f1o. ISBN\/ISSN. P\u00e1gina N\u00ba.&nbsp;<\/p>\n\n\n\n<p><strong>4. Antecedentes art\u00edsticos. <\/strong>Citar de la siguiente manera y ordenar por fecha en orden&nbsp; descendente. Cada obra o espect\u00e1culo deber\u00e1 citarse una sola vez y aclarar si particip\u00f3 en&nbsp; festivales o giras en la misma l\u00ednea. Se computar\u00e1n hasta un total de 45 antecedentes en&nbsp; este \u00edtem.&nbsp;<\/p>\n\n\n\n<figure class=\"wp-block-table\"><table><tbody><tr><td>Obra \/ Espect\u00e1culo&nbsp;<\/td><td>Rol&nbsp;<\/td><td>Presentaciones (salas, festivales,&nbsp; giras)<\/td><td>A\u00f1o\/a\u00f1os&nbsp;<\/td><td>P\u00e1gina N\u00ba<\/td><\/tr><tr><td><\/td><td><\/td><td><\/td><td><\/td><td><\/td><\/tr><\/tbody><\/table><\/figure>\n\n\n\n<p><strong>5. Otros antecedentes <\/strong>vinculados con la instancia curricular. Se computar\u00e1n hasta un total&nbsp; de 10 antecedentes en este \u00edtem.&nbsp;<\/p>\n\n\n\n<p>5.1. Becas y premios. P\u00e1gina N\u00ba.&nbsp;<\/p>\n\n\n\n<p>5.2. Proyectos de Investigaci\u00f3n y Extensi\u00f3n (vinculados con la instancia curricular). P\u00e1g. N\u00ba. 5.3. Cargos de gesti\u00f3n (relacionados con la instancia a la que se postula). P\u00e1gina N\u00ba. 5.4. Otros antecedentes espec\u00edficos. P\u00e1gina N\u00ba.&nbsp;<\/p>\n\n\n\n<p>5.5. Otros antecedentes no espec\u00edficos. P\u00e1gina N\u00ba.&nbsp;<\/p>\n\n\n\n<p><strong>Archivo 2 COMPROBANTES DE ANTECEDENTES<\/strong>:&nbsp;<\/p>\n\n\n\n<p>Apellido Comprobantes \u2013 Materia.&nbsp;<\/p>\n\n\n\n<p><em>Ejemplo: P\u00e9rez Comprobantes MAQUILLAJE.pdf&nbsp;<\/em><\/p>\n\n\n\n<p><strong>Se solicitan los comprobantes correspondientes a todos los \u00edtems que se mencionan &nbsp;en el CV <\/strong>(t\u00edtulos, antecedentes docentes, cursos dictados, cursos asistidos, antecedentes&nbsp; art\u00edsticos, etc.). Deben escanearse y presentarse en un \u00fanico archivo PDF cuya paginaci\u00f3n&nbsp;est\u00e9 indicada en el detalle de los \u00edtems se\u00f1alados en el CV. No se aceptar\u00e1n comprobantes&nbsp; luego de la fecha de cierre de la convocatoria.&nbsp;<\/p>\n\n\n\n<p><strong>Archivo 3 PROYECTO PEDAG\u00d3GICO<\/strong>:&nbsp;<\/p>\n\n\n\n<p>Apellido Proyecto Pedag\u00f3gico \u2013 Materia.&nbsp;<\/p>\n\n\n\n<p><em>Ejemplo: P\u00e9rez Proyecto Pedag\u00f3gico \u2013 MAQUILLAJE.pdf&nbsp;<\/em><\/p>\n\n\n\n<p><strong>En este llamado se solicita un Proyecto pedag\u00f3gico integrador para todas las carreras, <\/strong><strong>&nbsp;<\/strong><strong>con una extensi\u00f3n m\u00e1xima de 5 (cinco) carillas en formato A4, Arial 12, interlineado 1,5 <\/strong><strong>&nbsp;y m\u00e1rgenes en estilo \u201cnormal\u201d (superior e inferior: 2,5 cm; izquierdo y derecho: 3 cm).&nbsp;<\/strong><\/p>\n\n\n\n<p>El\/la aspirante presentar\u00e1 su Proyecto pedag\u00f3gico seg\u00fan el siguiente modelo. <strong><em>Modelo de Propuesta pedag\u00f3gica<\/em><\/strong><strong><em>&nbsp;<\/em><\/strong><\/p>\n\n\n\n<p><strong>GOBIERNO DE LA CIUDAD DE BUENOS AIRES&nbsp;<\/strong><\/p>\n\n\n\n<p><strong>DIRECCI\u00d3N GENERAL DE ENSE\u00d1ANZA ART\u00cdSTICA&nbsp;<\/strong><\/p>\n\n\n\n<p><strong>ESCUELA METROPOLITANA DE ARTE DRAM\u00c1TICO&nbsp;<\/strong><\/p>\n\n\n\n<p><strong>NOMBRE DE LA ASIGNATURA\/SEMINARIO\/TALLER&nbsp;<\/strong><\/p>\n\n\n\n<p><strong>DOCENTE QUE SE POSTULA&nbsp;<\/strong><\/p>\n\n\n\n<p><strong>A\u00d1O<\/strong><strong>&nbsp;<\/strong><\/p>\n\n\n\n<p>I- FUNDAMENTACI\u00d3N Y PROPUESTA PEDAG\u00d3GICA&nbsp;<\/p>\n\n\n\n<p>Explicitaci\u00f3n de los fundamentos epistemol\u00f3gicos, est\u00e9ticos y pedag\u00f3gicos del programa&nbsp; propuesto por el\/la docente.&nbsp;<\/p>\n\n\n\n<p>II- OBJETIVOS GENERALES&nbsp;<\/p>\n\n\n\n<p>Los objetivos deben concebirse y redactarse en t\u00e9rminos de las competencias generales&nbsp; que el\/la docente espera que los\/las estudiantes adquieran como resultado de la cursada de &nbsp;la asignatura\/seminario\/taller.&nbsp;<\/p>\n\n\n\n<p>III- UNIDADES TEM\u00c1TICAS&nbsp;<\/p>\n\n\n\n<p>Contenidos discriminados en unidades tem\u00e1ticas.&nbsp;<\/p>\n\n\n\n<p>A) OBJETIVOS ESPEC\u00cdFICOS<\/p>\n\n\n\n<p>Los objetivos espec\u00edficos deben concebirse y redactarse en t\u00e9rminos de las competencias&nbsp; espec\u00edficas que el\/la docente espera que los\/las estudiantes adquieran como resultado de la &nbsp;cursada de la asignatura, vinculadas directamente con las Unidades Tem\u00e1ticas.&nbsp;<\/p>\n\n\n\n<p>IV- FRECUENCIA DE LAS CLASES&nbsp;<\/p>\n\n\n\n<p>Cantidad de clases y de horas c\u00e1tedras semanales que insumir\u00e1 la cursada. V- PROPUESTA METODOL\u00d3GICA&nbsp;<\/p>\n\n\n\n<p>Describir de manera general las actividades pedag\u00f3gicas que el\/la docente a los\/las&nbsp; estudiantes y los modos de estructurar las clases.&nbsp;<\/p>\n\n\n\n<p>VI- R\u00c9GIMEN DE EVALUACI\u00d3N Y PROMOCI\u00d3N&nbsp;<\/p>\n\n\n\n<p>Explicitar los diferentes mecanismos de aprobaci\u00f3n de la asignatura (monograf\u00edas,&nbsp; ex\u00e1menes parciales escritos y\/u orales, clases espec\u00edficas, muestras en clase, muestras&nbsp; abiertas, etc.).&nbsp;<\/p>\n\n\n\n<p>VII- BIBLIOGRAF\u00cdA&nbsp;<\/p>\n\n\n\n<p>Discriminada en general y obligatoria. El modelo para la cita de bibliograf\u00eda debe atenerse al &nbsp;formato:&nbsp;<\/p>\n\n\n\n<p>Apellido, nombre del autor (a\u00f1o de edici\u00f3n). T\u00edtulo. Editorial.&nbsp;<\/p>\n\n\n\n<p>VIII- RECURSOS MATERIALES Y T\u00c9CNICOS NECESARIOS&nbsp;<\/p>\n\n\n\n<p>Explicitar los recursos materiales y tecnol\u00f3gicos que requerir\u00e1 la cursada: tipo de aula,&nbsp; pizarr\u00f3n y tiza o marcador, espejos, luces de tocador, maquillaje teatral, etc.&nbsp;<\/p>\n\n\n\n<p>Toda la propuesta del proyecto integrador deber\u00e1 estar basada en los contenidos m\u00ednimos&nbsp; de las materias que se informan a continuaci\u00f3n:&nbsp;<\/p>\n\n\n\n<p><strong>Formaci\u00f3n del Actor y Actriz<\/strong><\/p>\n\n\n\n<figure class=\"wp-block-image is-resized\"><img decoding=\"async\" loading=\"lazy\" src=\"https:\/\/lh7-rt.googleusercontent.com\/docsz\/AD_4nXcbYIBmv5pz25k5-j1K5RHcF2OKDHSK0d6SDOqf2XO5al9w06C98zrs9G88ki-rFqMlu7ypscLNTSoRMBL-9GtvGNkBXVl-BNcHgjakeckxXc49iLJLslreH1A5qS6q6bjOv6R9CQ?key=t8Wv9Mwfxg2zuYFFIHLOhQ\" alt=\"\" width=\"397\" height=\"416\"\/><\/figure>\n\n\n\n<figure class=\"wp-block-image is-resized\"><img decoding=\"async\" loading=\"lazy\" src=\"https:\/\/lh7-rt.googleusercontent.com\/docsz\/AD_4nXc8nQccQ9gqaTdeNYQUwcvTRXodkuTlNT6NrF4QD2tyKAOrFc_IaxMjfGlK6R7Gq-MbKOeBA6ESCdYN7ohObWyo2QiCqc5lUF5kYic2qRn7Fl-sAiTSY6BIZp42-WFIzc-O9r_1?key=t8Wv9Mwfxg2zuYFFIHLOhQ\" alt=\"\" width=\"615\" height=\"530\"\/><\/figure>\n\n\n\n<p><strong>TECNICATURA SUPERIOR EN ESCENOGRAF\u00cdA&nbsp;<\/strong><\/p>\n\n\n\n<p><strong><img decoding=\"async\" loading=\"lazy\" width=\"567\" height=\"255\" src=\"https:\/\/lh7-rt.googleusercontent.com\/docsz\/AD_4nXfIz8aak_Lb7gUia6YKcRgvWnUHhejukdaDSOts3vFLkgfMAAuMSq24KhDJ2aDrYbqpPV1YvyxIhzhFWtPtWzxxnBW1BgOaHzasxT9g_T_85NUNphtdccvg5SDseO2TWfUar40Q0A?key=t8Wv9Mwfxg2zuYFFIHLOhQ\"><\/strong><\/p>\n\n\n\n<p><strong><img decoding=\"async\" loading=\"lazy\" src=\"https:\/\/lh7-rt.googleusercontent.com\/docsz\/AD_4nXfOMkeIL4T6V_qM1AaxhWCIHlXUH3Gyj5HYTiNNLWC8V2ETT-PCPlN8JMlOrxDoKqPyTIQDO--onUGssTF9DsRC4rFlUnzX1U4kWdB4dLkKwAgOrX4XEWfLusXGD8bpJx9lreJF?key=t8Wv9Mwfxg2zuYFFIHLOhQ\" width=\"567\" height=\"177\"><\/strong><\/p>\n\n\n\n<p><strong><\/strong><strong><\/strong><strong>El plan de estudios completo puede consultarse en la p\u00e1gina de la EMAD.&nbsp;<\/strong><\/p>\n\n\n\n<p>Su aprobaci\u00f3n habilitar\u00e1 a la instancia de Coloquio\/clase de oposici\u00f3n. Las solicitudes se recibir\u00e1n hasta las 23.59 h. del d\u00eda de cierre de la convocatoria. Los CV y &nbsp;Proyectos pedag\u00f3gicos que no respondan a los modelos indicados ni que est\u00e9n &nbsp;correctamente presentados (indicando n\u00famero de p\u00e1gina en cada \u00edtem del CV) no ser\u00e1n &nbsp;tenidos en cuenta.&nbsp;&nbsp;<\/p>\n\n\n\n<p><strong>Solo se computar\u00e1n los elementos citados en el CV que est\u00e9n respaldados con <\/strong><strong>&nbsp;<\/strong><strong>comprobantes.<\/strong><strong>&nbsp;<\/strong><\/p>\n\n\n\n<p>En caso de realizarse una clase de oposici\u00f3n corresponde a cada aspirante convocar a &nbsp;estudiantes que colaboren en su desarrollo, si es que son requeridos.&nbsp;<\/p>\n\n\n\n<p>La Comisi\u00f3n Evaluadora est\u00e1 constituida por 3 (tres) docentes, a designar una vez cerrada&nbsp; la convocatoria.&nbsp;<\/p>\n\n\n\n<p>1. Coordinador\/a de alguna de las Carreras, o quien se designe.&nbsp;<\/p>\n\n\n\n<p>2. Docente de la asignatura o docente af\u00edn.&nbsp;<\/p>\n\n\n\n<p>3. Docente externo\/a de la instituci\u00f3n.&nbsp;<\/p>\n\n\n\n<p>Se prev\u00e9 la participaci\u00f3n de veedores\/as que tendr\u00e1n a su cargo la certificaci\u00f3n de la&nbsp; transparencia de la instancia del Coloquio y Clase de oposici\u00f3n:&nbsp;&nbsp;<\/p>\n\n\n\n<p>\u2013 2 (dos) docentes veedores\/as elegidos\/as\/es por el \u00c1rea;&nbsp;<\/p>\n\n\n\n<p>\u2013 2 (dos) graduados\/as\/es veedores\/as elegidos\/as\/es por el claustro de graduades y\/o&nbsp; estudiantil;<\/p>\n\n\n\n<p>\u2013 2 (dos) estudiantes veedores\/as elegidos\/as por el claustro estudiantil.&nbsp;<\/p>\n\n\n\n<p>Se requiere que los\/as\/es veedores\/as docentes y graduades participen en la totalidad de &nbsp;clases de oposici\u00f3n y coloquios que se establezcan.&nbsp;<\/p>\n\n\n\n<p>Los\/as\/es veedores podr\u00e1n se\u00f1alar o expresar a la Comisi\u00f3n Evaluadora dudas o inquietudes &nbsp;sobre alg\u00fan aspecto del mecanismo fuera de la presencia de los\/as\/es postulantes.&nbsp;<\/p>\n\n\n\n<p>En el caso de los\/as\/es veedores\/as estudiantiles se admite su rotaci\u00f3n, teniendo en cuenta &nbsp;que no puede haber veedores\/as estudiantiles pertenecientes a la asignatura que se &nbsp;selecciona.&nbsp;<\/p>\n\n\n\n<p>En la sesi\u00f3n del Consejo Directivo durante la cual se discuta y apruebe la convocatoria a &nbsp;Selecci\u00f3n de antecedentes, se solicitar\u00e1 a los\/as consejeros\/as estudiantiles y graduados\/as &nbsp;que demanden a sus respectivos claustros la presentaci\u00f3n de la n\u00f3mina de veedores.<\/p>\n","protected":false},"excerpt":{"rendered":"<p>ATENCION: Se extiende la convocatoria hasta el lunes 23 de junio de 2025 a las 23:59 hs. Selecci\u00f3n de antecedentes 07-25: Profesor\/a de Maquillaje, Carrera de Formaci\u00f3n del&nbsp; Actor y Actriz; Maquillaje y Caracterizaci\u00f3n I y II, Tecnicatura Superior en&nbsp; Escenograf\u00eda; y Vestuario y Maquillaje, Profesorado de Teatro.&nbsp; El Rectorado y el Consejo Directivo de &#8230; <a title=\"Profesor\/a de Maquillaje &#8211; FAA Maquillaje y caracterizaci\u00f3n I y II &#8211; TEC SUP ESCENOGRAFIA  Vestuario y Maquillaje &#8211; PROFESORADO DE TEATRO\" class=\"read-more\" href=\"https:\/\/emad-caba.infd.edu.ar\/sitio\/profesor-a-de-maquillaje-faa-maquillaje-y-caracterizacion-i-y-ii-tec-sup-escenografia-vestuario-y-maquillaje-profesorado-de-teatro\/\" aria-label=\"More on Profesor\/a de Maquillaje &#8211; FAA Maquillaje y caracterizaci\u00f3n I y II &#8211; TEC SUP ESCENOGRAFIA  Vestuario y Maquillaje &#8211; PROFESORADO DE TEATRO\">[+]<\/a><\/p>\n","protected":false},"author":195,"featured_media":0,"parent":0,"menu_order":0,"comment_status":"closed","ping_status":"closed","template":"","meta":[],"acf":[],"_links":{"self":[{"href":"https:\/\/emad-caba.infd.edu.ar\/sitio\/wp-json\/wp\/v2\/pages\/5591"}],"collection":[{"href":"https:\/\/emad-caba.infd.edu.ar\/sitio\/wp-json\/wp\/v2\/pages"}],"about":[{"href":"https:\/\/emad-caba.infd.edu.ar\/sitio\/wp-json\/wp\/v2\/types\/page"}],"author":[{"embeddable":true,"href":"https:\/\/emad-caba.infd.edu.ar\/sitio\/wp-json\/wp\/v2\/users\/195"}],"replies":[{"embeddable":true,"href":"https:\/\/emad-caba.infd.edu.ar\/sitio\/wp-json\/wp\/v2\/comments?post=5591"}],"version-history":[{"count":4,"href":"https:\/\/emad-caba.infd.edu.ar\/sitio\/wp-json\/wp\/v2\/pages\/5591\/revisions"}],"predecessor-version":[{"id":5609,"href":"https:\/\/emad-caba.infd.edu.ar\/sitio\/wp-json\/wp\/v2\/pages\/5591\/revisions\/5609"}],"wp:attachment":[{"href":"https:\/\/emad-caba.infd.edu.ar\/sitio\/wp-json\/wp\/v2\/media?parent=5591"}],"curies":[{"name":"wp","href":"https:\/\/api.w.org\/{rel}","templated":true}]}}