{"id":4891,"date":"2023-10-24T20:12:01","date_gmt":"2023-10-24T23:12:01","guid":{"rendered":"https:\/\/emad-caba.infd.edu.ar\/sitio\/?page_id=4891"},"modified":"2024-03-04T16:40:07","modified_gmt":"2024-03-04T19:40:07","slug":"curso-de-formacion-para-la-actuacion-en-espacios-abiertos","status":"publish","type":"page","link":"https:\/\/emad-caba.infd.edu.ar\/sitio\/curso-de-formacion-para-la-actuacion-en-espacios-abiertos\/","title":{"rendered":"CURSO DE FORMACI\u00d3N PARA LA ACTUACI\u00d3N EN ESPACIOS ABIERTOS"},"content":{"rendered":"\n<p><strong><u>CURSO DE FORMACI\u00d3N PARA LA ACTUACI\u00d3N EN ESPACIOS ABIERTOS<\/u><\/strong><\/p>\n\n\n\n<p><strong>INSCRIPCI\u00d3N CICLO LECTIVO 2024 \u2013 EMAD<\/strong><\/p>\n\n\n\n<p>El plan de estudios completo puede consultarse en la p\u00e1gina de la EMAD:&nbsp;<strong>CURSO DE FORMACI\u00d3N PARA LA ACTUACI\u00d3N EN ESPACIOS ABIERTOS. <a href=\"https:\/\/emad-caba.infd.edu.ar\/sitio\/wp-content\/uploads\/2023\/10\/DI-2023-236-GCABA-DGEART-con-ANEXOS.pdf\" data-type=\"attachment\" data-id=\"4890\" target=\"_blank\" rel=\"noreferrer noopener\">DI-2023-236-GCABA-DGEART (con ANEXOS)<\/a><\/strong><\/p>\n\n\n\n<p><strong>Horario de la cursada:<\/strong>&nbsp;de LUNES a VIERNES de 9:00 hs a 13:30 hs.<\/p>\n\n\n\n<p><strong>Lugar:<\/strong>&nbsp;Sede Parque Avellaneda: Av. Directorio y Lacarra -dentro del Parque Avellaneda-, CABA.&nbsp;<a href=\"https:\/\/goo.gl\/maps\/dZHbKcY3vUKbtXij7\" target=\"_blank\" rel=\"noreferrer noopener\">Ver ubicaci\u00f3n en el mapa<\/a><\/p>\n\n\n\n<p><strong><u>PREINSCRIPCI\u00d3N VIA FORMULARIO ONLINE:<\/u><\/strong><\/p>\n\n\n\n<p><strong>Periodo Ordinario<\/strong> del 25\/10\/2023 al 16\/02\/2024 hasta las 23:59 h.<\/p>\n\n\n\n<p><strong>Periodo Complementario<\/strong> del 17\/02\/2024 al 24\/03\/2024 hasta las 23:59 h.<\/p>\n\n\n\n<p><strong><a href=\"https:\/\/forms.gle\/dfjRbHHvJ8oGZMpJ7\" target=\"_blank\" rel=\"noreferrer noopener\">FORMULARIO de PREINSCRIPCI\u00d3N<\/a><\/strong><\/p>\n\n\n\n<figure class=\"wp-block-image size-full is-resized\"><img decoding=\"async\" loading=\"lazy\" src=\"https:\/\/emad-caba.infd.edu.ar\/sitio\/wp-content\/uploads\/2023\/10\/formularios-recibidos.jpg\" alt=\"\" class=\"wp-image-4892\" width=\"788\" height=\"149\" srcset=\"https:\/\/emad-caba.infd.edu.ar\/sitio\/wp-content\/uploads\/2023\/10\/formularios-recibidos.jpg 1212w, https:\/\/emad-caba.infd.edu.ar\/sitio\/wp-content\/uploads\/2023\/10\/formularios-recibidos-1000x190.jpg 1000w, https:\/\/emad-caba.infd.edu.ar\/sitio\/wp-content\/uploads\/2023\/10\/formularios-recibidos-768x146.jpg 768w\" sizes=\"(max-width: 788px) 100vw, 788px\" \/><\/figure>\n\n\n\n<p>Confirmaci\u00f3n de inscripci\u00f3n:<\/p>\n\n\n\n<ul>\n<li><strong>PRESENCIAL<\/strong> &#8211; Entrega de carpeta con Documentaci\u00f3n abajo detallada del <strong>11 al 22 de marzo de 10 h a 13 h<\/strong> y el <strong>25 de marzo de 8:30 a 10:00 h<\/strong>. en la Sede Parque Avellaneda: Av. Directorio y Lacarra -dentro del Parque Avellaneda-, CABA.\u00a0<a href=\"https:\/\/goo.gl\/maps\/dZHbKcY3vUKbtXij7\">Ver ubicaci\u00f3n en el mapa<\/a><\/li>\n<\/ul>\n\n\n\n<p><strong><u>Instructivo de CONFIRMACI\u00d3N PRESENCIAL<\/u><\/strong><\/p>\n\n\n\n<p><strong>A)<\/strong>&nbsp;Presentar DNI argentino (o PASAPORTE en el caso de personas extranjeras).<\/p>\n\n\n\n<p><strong>B)<\/strong>&nbsp;Presentar en Folio Transparente la documentaci\u00f3n sin hojas sueltas, ordenada de la siguiente forma:<\/p>\n\n\n\n<p><strong>1.<\/strong>&nbsp;Ficha de datos personales completa y con foto 4\u00d74.&nbsp;<\/p>\n\n\n\n<p><strong>Ficha Datos Personales EMAD 202<\/strong><strong>4<\/strong> <\/p>\n\n\n\n<div class=\"wp-block-file\"><object class=\"wp-block-file__embed\" data=\"https:\/\/emad-caba.infd.edu.ar\/sitio\/wp-content\/uploads\/2023\/10\/EMAD-Ficha-Datos-Personales-2024.pdf\" type=\"application\/pdf\" style=\"width:100%;height:210px\" aria-label=\"Incrustado de EMAD-Ficha-Datos-Personales-2024.\"><\/object><a id=\"wp-block-file--media-3320767b-d8e6-41e6-beb6-6f11fb102a4c\" href=\"https:\/\/emad-caba.infd.edu.ar\/sitio\/wp-content\/uploads\/2023\/10\/EMAD-Ficha-Datos-Personales-2024.pdf\">EMAD-Ficha-Datos-Personales-2024<\/a><a href=\"https:\/\/emad-caba.infd.edu.ar\/sitio\/wp-content\/uploads\/2023\/10\/EMAD-Ficha-Datos-Personales-2024.pdf\" class=\"wp-block-file__button wp-element-button\" download aria-describedby=\"wp-block-file--media-3320767b-d8e6-41e6-beb6-6f11fb102a4c\"><\/a><\/div>\n\n\n\n<p><\/p>\n\n\n\n<p><strong>2.&nbsp;<\/strong>Fotocopia de DNI argentino legible:&nbsp;fotocopia de anverso y reverso. O PASAPORTE (fotocopia primera y\/o segunda hoja&nbsp;seg\u00fan corresponda).<\/p>\n\n\n\n<p><strong>3.<\/strong>&nbsp;T\u00edtulo Secundario&nbsp;(Foto o Constancia de T\u00edtulo en Tr\u00e1mite&nbsp;emitido por la instituci\u00f3n de nivel medio donde se curs\u00f3 el secundario) o&nbsp;Certificado de Estudiante Regular emitido por la instituci\u00f3n de nivel medio donde se cursa el secundario.<\/p>\n\n\n\n<figure class=\"wp-block-image size-full\"><img decoding=\"async\" loading=\"lazy\" width=\"587\" height=\"176\" src=\"https:\/\/emad-caba.infd.edu.ar\/sitio\/wp-content\/uploads\/2023\/10\/Fecha-limite.png\" alt=\"\" class=\"wp-image-4861\"\/><\/figure>\n\n\n\n<p><strong>4.<\/strong>&nbsp;Apto f\u00edsico.&nbsp;<\/p>\n\n\n\n<ul>\n<li>Puede ser expedido por instituci\u00f3n p\u00fablica, privada o m\u00e9dico de cabecera.<\/li>\n<\/ul>\n\n\n\n<p><strong>5.<\/strong>&nbsp;Declaraci\u00f3n jurada de antecedentes de salud.&nbsp;Firmada por la persona interesada.<\/p>\n\n\n\n<p><strong>Declaraci\u00f3n jurada salud EMAD 202<\/strong><strong>4<\/strong> <\/p>\n\n\n\n<div class=\"wp-block-file\"><object class=\"wp-block-file__embed\" data=\"https:\/\/emad-caba.infd.edu.ar\/sitio\/wp-content\/uploads\/2023\/10\/EMAD-Declaracion-Jurada-de-Antecedentes-de-Salud-2024.pdf\" type=\"application\/pdf\" style=\"width:100%;height:210px\" aria-label=\"Incrustado de EMAD-Declaracion-Jurada-de-Antecedentes-de-Salud-2024.\"><\/object><a id=\"wp-block-file--media-ba9c8209-3839-4658-89e8-e45664be462f\" href=\"https:\/\/emad-caba.infd.edu.ar\/sitio\/wp-content\/uploads\/2023\/10\/EMAD-Declaracion-Jurada-de-Antecedentes-de-Salud-2024.pdf\">EMAD-Declaracion-Jurada-de-Antecedentes-de-Salud-2024<\/a><a href=\"https:\/\/emad-caba.infd.edu.ar\/sitio\/wp-content\/uploads\/2023\/10\/EMAD-Declaracion-Jurada-de-Antecedentes-de-Salud-2024.pdf\" class=\"wp-block-file__button wp-element-button\" download aria-describedby=\"wp-block-file--media-ba9c8209-3839-4658-89e8-e45664be462f\"><\/a><\/div>\n\n\n\n<p><\/p>\n\n\n\n<p><strong>6.<\/strong>&nbsp;Conformidad con el r\u00e9gimen de ingreso.&nbsp;Firmada por la persona interesada.<\/p>\n\n\n\n<p><strong>Conformidad ingreso EMAD<\/strong> <strong>2024<\/strong>&nbsp;<\/p>\n\n\n\n<div class=\"wp-block-file\"><object class=\"wp-block-file__embed\" data=\"https:\/\/emad-caba.infd.edu.ar\/sitio\/wp-content\/uploads\/2023\/10\/EMAD-Conformidad-de-Ingreso-2024.pdf\" type=\"application\/pdf\" style=\"width:100%;height:210px\" aria-label=\"Incrustado de EMAD-Conformidad-de-Ingreso-2024.\"><\/object><a id=\"wp-block-file--media-6c397138-dd73-4e4e-b91f-fd7c6b6e0b54\" href=\"https:\/\/emad-caba.infd.edu.ar\/sitio\/wp-content\/uploads\/2023\/10\/EMAD-Conformidad-de-Ingreso-2024.pdf\">EMAD-Conformidad-de-Ingreso-2024<\/a><a href=\"https:\/\/emad-caba.infd.edu.ar\/sitio\/wp-content\/uploads\/2023\/10\/EMAD-Conformidad-de-Ingreso-2024.pdf\" class=\"wp-block-file__button wp-element-button\" download aria-describedby=\"wp-block-file--media-6c397138-dd73-4e4e-b91f-fd7c6b6e0b54\">Descarga<\/a><\/div>\n\n\n\n<p><\/p>\n\n\n\n<p><strong>7.<\/strong>&nbsp;Bono Cooperadora $ 3.000 (tres mil pesos)<\/p>\n\n\n\n<p>El bono contribuci\u00f3n puede hacerse efectivo en la cuenta bancaria de la Asociaci\u00f3n Cooperadora mediante dep\u00f3sito, transferencia bancaria o al momento de finalizar la inscripci\u00f3n.<\/p>\n\n\n\n<p>En el caso de dep\u00f3sito o transferencia bancaria deber\u00e1s presentar el comprobante y se te entregaremos el recibo correspondiente.<\/p>\n\n\n\n<p>La Asociaci\u00f3n Cooperadora de la Escuela Metropolitana de Arte Dram\u00e1tico es una Asociaci\u00f3n Civil sin fines de lucro conformada por todos los estudiantes de la Escuela Metropolitana de Arte Dram\u00e1tico nucleados solidaria y democr\u00e1ticamente para garantizar el crecimiento de la Instituci\u00f3n, el desarrollo de las actividades educativas, curriculares y extracurriculares.<\/p>\n\n\n\n<p>Asociaci\u00f3n Cooperadora EMAD.<\/p>\n\n\n\n<p>CUIT: 30-68053950-9<\/p>\n\n\n\n<p>Banco Ciudad \/C.B.U. 0290002500000000242882<\/p>\n\n\n\n<p>Alias CBU: FOCO.PRADO.PERLA<\/p>\n\n\n\n<p>+ Info: Asociaci\u00f3n Cooperadora EMAD. Consultas:&nbsp;<a href=\"mailto:cooperadoralaemad@gmail.com\">cooperadoralaemad@gmail.com<\/a><\/p>\n\n\n\n<p>IG: @emadcooperadora<\/p>\n\n\n\n<p><strong><u>SOBRE EL PERIODO DE EXAMENES<\/u><\/strong><\/p>\n\n\n\n<p> <strong>CHARLA <\/strong><strong>INTRODUCTORIA<\/strong><\/p>\n\n\n\n<p><strong>25 de <\/strong><strong>marzo de 2024 , 10<\/strong><strong> <\/strong><strong>h.<\/strong> en la Sede de Parque Avellaneda.<\/p>\n\n\n\n<p>Presentaci\u00f3n y charla introductoria del Curso.<\/p>\n\n\n\n<p><strong>CRONOGRAMA <\/strong><strong>CON <\/strong><strong>FECHA <\/strong><strong>DE <\/strong><strong>EX\u00c1MENES<\/strong><\/p>\n\n\n\n<p>Desde el 25\/03 al 19\/04\/2024.<\/p>\n\n\n\n<p><strong>Lxs aspirantes transitar\u00e1n un \u201cPER\u00cdODO INTRODUCTORIO\/PRUEBA\u201d en el cual se evaluar\u00e1:<\/strong><\/p>\n\n\n\n<p>-Asistencia y puntualidad.<\/p>\n\n\n\n<p>-Disponibilidad para el trabajo grupal\/colectivo.<\/p>\n\n\n\n<p>-El cumplimiento de los trabajos requeridos por cada asignatura (lecturas, trabajos pr\u00e1cticos, etc.).<\/p>\n\n\n\n<p>-Cumplimiento de las pautas de funcionamiento del curso.<\/p>\n\n\n\n<p><strong>Este tramo culmina con una evaluaci\u00f3n por parte de todo el equipo docente y una autoevaluaci\u00f3n de cada aspirante, en la cual pondr\u00e1 en balance sus expectativas respecto del curso, y se definir\u00e1 su continuidad.<\/strong><\/p>\n\n\n\n<p>Para m\u00e1s informaci\u00f3n:&nbsp;<a href=\"mailto:emadteatrocallejero@gmail.com\">emadteatrocallejero@gmail.com<\/a>&nbsp;&#8211;&nbsp;<a href=\"https:\/\/www.instagram.com\/emadteatrocallejero\/\">instagram.com\/teatrocallejero<\/a><\/p>\n\n\n\n<p><strong><u>Informaci\u00f3n aspirantes extranjeros<\/u><\/strong><\/p>\n\n\n\n<p><em>Direcci\u00f3n de validez nacional de T\u00edtulos y Estudios<\/em><\/p>\n\n\n\n<ul>\n<li>Convalidaci\u00f3n de estudios realizados en el extranjero (pa\u00edses con convenio)<\/li>\n<\/ul>\n\n\n\n<p><a href=\"https:\/\/www.argentina.gob.ar\/convalidar-titulo-secundario-de-paises-con-convenio\">https:\/\/www.argentina.gob.ar\/convalidar-titulo-secundario-de-paises-con-convenio<\/a><\/p>\n\n\n\n<ul>\n<li>Reconocimiento de estudios realizados en el extranjero (pa\u00edses sin convenio)<\/li>\n<\/ul>\n\n\n\n<p><a href=\"https:\/\/www.argentina.gob.ar\/reconocer-titulo-secundario-de-paises-sin-convenio\">https:\/\/www.argentina.gob.ar\/reconocer-titulo-secundario-de-paises-sin-convenio<\/a><\/p>\n","protected":false},"excerpt":{"rendered":"<p>CURSO DE FORMACI\u00d3N PARA LA ACTUACI\u00d3N EN ESPACIOS ABIERTOS INSCRIPCI\u00d3N CICLO LECTIVO 2024 \u2013 EMAD El plan de estudios completo puede consultarse en la p\u00e1gina de la EMAD:&nbsp;CURSO DE FORMACI\u00d3N PARA LA ACTUACI\u00d3N EN ESPACIOS ABIERTOS. DI-2023-236-GCABA-DGEART (con ANEXOS) Horario de la cursada:&nbsp;de LUNES a VIERNES de 9:00 hs a 13:30 hs. Lugar:&nbsp;Sede Parque Avellaneda: &#8230; <a title=\"CURSO DE FORMACI\u00d3N PARA LA ACTUACI\u00d3N EN ESPACIOS ABIERTOS\" class=\"read-more\" href=\"https:\/\/emad-caba.infd.edu.ar\/sitio\/curso-de-formacion-para-la-actuacion-en-espacios-abiertos\/\" aria-label=\"More on CURSO DE FORMACI\u00d3N PARA LA ACTUACI\u00d3N EN ESPACIOS ABIERTOS\">[+]<\/a><\/p>\n","protected":false},"author":195,"featured_media":0,"parent":0,"menu_order":0,"comment_status":"closed","ping_status":"closed","template":"","meta":[],"acf":[],"_links":{"self":[{"href":"https:\/\/emad-caba.infd.edu.ar\/sitio\/wp-json\/wp\/v2\/pages\/4891"}],"collection":[{"href":"https:\/\/emad-caba.infd.edu.ar\/sitio\/wp-json\/wp\/v2\/pages"}],"about":[{"href":"https:\/\/emad-caba.infd.edu.ar\/sitio\/wp-json\/wp\/v2\/types\/page"}],"author":[{"embeddable":true,"href":"https:\/\/emad-caba.infd.edu.ar\/sitio\/wp-json\/wp\/v2\/users\/195"}],"replies":[{"embeddable":true,"href":"https:\/\/emad-caba.infd.edu.ar\/sitio\/wp-json\/wp\/v2\/comments?post=4891"}],"version-history":[{"count":10,"href":"https:\/\/emad-caba.infd.edu.ar\/sitio\/wp-json\/wp\/v2\/pages\/4891\/revisions"}],"predecessor-version":[{"id":5184,"href":"https:\/\/emad-caba.infd.edu.ar\/sitio\/wp-json\/wp\/v2\/pages\/4891\/revisions\/5184"}],"wp:attachment":[{"href":"https:\/\/emad-caba.infd.edu.ar\/sitio\/wp-json\/wp\/v2\/media?parent=4891"}],"curies":[{"name":"wp","href":"https:\/\/api.w.org\/{rel}","templated":true}]}}