{"id":4163,"date":"2022-08-02T18:21:32","date_gmt":"2022-08-02T21:21:32","guid":{"rendered":"https:\/\/emad-caba.infd.edu.ar\/sitio\/?page_id=4163"},"modified":"2022-09-29T21:01:52","modified_gmt":"2022-09-30T00:01:52","slug":"convocatoria-seleccion-de-antecedentes-preceptoria","status":"publish","type":"page","link":"https:\/\/emad-caba.infd.edu.ar\/sitio\/convocatoria-seleccion-de-antecedentes-preceptoria\/","title":{"rendered":"Convocatoria: Selecci\u00f3n de antecedentes &#8211; PRECEPTOR\u00cdA"},"content":{"rendered":"\n<p><strong>( INSCRIPCI\u00d3N CERRADA)<\/strong><\/p>\n\n\n\n<p><strong>Convocatoria: Selecci\u00f3n de antecedentes \u2013 PRECEPTOR\u00cdA<\/strong><\/p>\n\n\n\n<p>La Rector\u00eda y el Consejo Directivo de la EMAD convocan a inscripci\u00f3n para la Selecci\u00f3n de Antecedentes con el fin de establecer un orden de m\u00e9rito vigente por 3 (tres) a\u00f1os para cubrir 7 (siete) cargos interinos de Preceptor\u00eda para todas las sedes y turnos de la Escuela.<\/p>\n\n\n\n<p><strong>Cargo:<\/strong> Preceptor\u00eda.<\/p>\n\n\n\n<p><strong>Carga horaria:<\/strong> 22,5 hs reloj semanal.<\/p>\n\n\n\n<p><strong>Sedes y horarios:<\/strong><\/p>\n\n\n\n<p><strong>Sede Sarmiento:<\/strong><\/p>\n\n\n\n<p>1 cargo en el turno ma\u00f1ana, lunes a viernes de 08:30 hs a 13:00 hs.<\/p>\n\n\n\n<p>1 cargo en el turno tarde, lunes a viernes de 13:00 hs a 17:30 hs.<\/p>\n\n\n\n<p>1 cargo en el turno vespertino, lunes a viernes de 17:30 hs a 22:00 hs.<\/p>\n\n\n\n<p><strong>Sede Jufr\u00e9:<\/strong><\/p>\n\n\n\n<p>1 cargo en el turno tarde, lunes a viernes de 12:30 hs a 17:00 hs.<\/p>\n\n\n\n<p>1 cargo en horario combinado, jueves y viernes de 16:30 hs a 21:00 hs, s\u00e1bados de 14:00 hs a 21:00 hs, y domingos de 14:30 hs a 21:00 hs.<\/p>\n\n\n\n<p><strong>Sede Forest:<\/strong><\/p>\n\n\n\n<p>1 cargo en el turno ma\u00f1ana, lunes a viernes de 08:30 hs a 13:00 hs.<\/p>\n\n\n\n<p>1 cargo en el turno tarde, lunes a viernes de 13:00 hs a 17:30 hs.<\/p>\n\n\n\n<p>Se confeccionar\u00e1 un listado \u00fanico para todos los cargos, que se ir\u00e1n cubriendo de a uno, y de acuerdo al orden de m\u00e9rito establecido.<\/p>\n\n\n\n<p><strong>Perfil docente en el contexto institucional<\/strong>.<\/p>\n\n\n\n<p>Se requiere que quien aspire al cargo:<\/p>\n\n\n\n<ol type=\"1\"><li>Tenga conocimiento de las carreras y cursos de la EMAD, como as\u00ed tambi\u00e9n de su organizaci\u00f3n institucional. Ver informaci\u00f3n en: <a href=\"https:\/\/emad-caba.infd.edu.ar\/sitio\/\">https:\/\/emad-caba.infd.edu.ar\/sitio\/<\/a><\/li><\/ol>\n\n\n\n<ol type=\"1\" start=\"2\"><li>Posea idoneidad y capacidades para desarrollar las funciones del rol para el que se presenta, detalladas a continuaci\u00f3n y expresadas en el Reglamento Org\u00e1nico de la EMAD en sus art\u00edculos 28 y 29:<\/li><\/ol>\n\n\n\n<p>La Preceptor\u00eda es la unidad de apoyo administrativo a las actividades de formaci\u00f3n, responsable del relevamiento y circulaci\u00f3n de la informaci\u00f3n relativa a estudiantes y docentes. Funciona bajo dependencia de la Regencia.<\/p>\n\n\n\n<p>Son sus funciones:<\/p>\n\n\n\n<p>a)&nbsp; Organizar y ejecutar las actividades de relevamiento de la informaci\u00f3n vinculada a la tarea de docentes y estudiantes;<\/p>\n\n\n\n<p>b)&nbsp;&nbsp;&nbsp; Realizar actividades a fin de brindar apoyo a la planta docente;<\/p>\n\n\n\n<p>c) Difundir y notificar las directivas y comunicaciones internas y externas que se le encomienden;<\/p>\n\n\n\n<p>d)&nbsp; Elaborar y mantener actualizada la informaci\u00f3n y los datos estad\u00edsticos correspondientes a docentes, estudiantes, conforme a las pautas establecidas, en colaboraci\u00f3n con el Departamento de Estudiantes y el Departamento de Personal;<\/p>\n\n\n\n<p>e) Colaborar en la confecci\u00f3n de los horarios de clases.<\/p>\n\n\n\n<p>f) Realizar la inscripci\u00f3n de estudiantes;<\/p>\n\n\n\n<p>g) Colaborar en la organizaci\u00f3n de los legajos de estudiantes;<\/p>\n\n\n\n<p>h) Colaborar en la confecci\u00f3n de las listas de estudiantes regulares por carreras y divisiones.<\/p>\n\n\n\n<p>i) Colaborar en la elaboraci\u00f3n de las Mesas de Examen en los respectivos turnos.<\/p>\n\n\n\n<p>j) Confeccionar certificados de estudiante regular;<\/p>\n\n\n\n<p>k) Controlar el registro de la actividad diaria de docentes (asistencia de estudiantes y temas diarios y planillas de seguimiento).<\/p>\n\n\n\n<p>l) Colaborar en el control sobre la condici\u00f3n de regular de cada estudiante y su habilitaci\u00f3n para rendir examen final.<\/p>\n\n\n\n<p>m) Entregar las comunicaciones de horario de ex\u00e1menes.<\/p>\n\n\n\n<p>n) Facilitar el material necesario para el dictado de las clases (material did\u00e1ctico de uso com\u00fan, propiedad de la escuela) y para las mesas de ex\u00e1menes (entrega de actas volantes, programas, libro de actas y bolilleros), y recepci\u00f3n de los mismos.<\/p>\n\n\n\n<p>o) &nbsp;Archivar los ex\u00e1menes escritos finales.<\/p>\n\n\n\n<p>p) Realizar actividades a fin de brindar apoyo a estudiantes.<\/p>\n\n\n\n<p>q) Controlar el orden, aseo personal y del aula en cada comisi\u00f3n.<\/p>\n\n\n\n<p><strong>El Reglamento Org\u00e1nico completo puede consultarse en la p\u00e1gina de la EMAD, en la solapa \u201cInstitucional\u201d.<\/strong><\/p>\n\n\n\n<ol type=\"1\" start=\"3\"><li>Se comprometa con la educaci\u00f3n p\u00fablica, siendo necesario que pueda desempe\u00f1ar una firme voluntad de trabajo en equipo y articulaci\u00f3n con el resto de los roles de gesti\u00f3n y los equipos docentes, seg\u00fan la identidad de la EMAD que la distingue de otras escuelas de formaci\u00f3n.<\/li><\/ol>\n\n\n\n<ol type=\"1\" start=\"4\"><li>Posea probado conocimiento de herramientas tecnol\u00f3gicas acordes al rol para el que se presenta.<\/li><\/ol>\n\n\n\n<ol type=\"1\" start=\"5\"><li>Tenga conocimiento de las siguientes leyes:<\/li><\/ol>\n\n\n\n<p>a) Ley 26.150 Programa Nacional de Educaci\u00f3n Sexual Integral (ESI).<\/p>\n\n\n\n<p>b) Ley 26.485 de Protecci\u00f3n Integral a las Mujeres.<\/p>\n\n\n\n<p>c) Ley 1.225 que tiene por objeto prevenir, sancionar y erradicar la violencia en el \u00e1mbito laboral del sector p\u00fablico de la Ciudad Aut\u00f3noma de Buenos Aires.<\/p>\n\n\n\n<p>d) El protocolo de acci\u00f3n institucional para los institutos pertenecientes a la DGEART del Ministerio de Cultura del GCBA para la prevenci\u00f3n e intervenci\u00f3n ante situaciones de violencia de g\u00e9nero y discriminaci\u00f3n basada en la orientaci\u00f3n sexual e identidad de g\u00e9nero.<\/p>\n\n\n\n<p>Esta documentaci\u00f3n se encuentra en la p\u00e1gina de la EMAD.<\/p>\n\n\n\n<p><strong>Instancias<\/strong><\/p>\n\n\n\n<ol type=\"1\"><li>Presentaci\u00f3n de CV-Antecedentes.<\/li><li>Publicaci\u00f3n y difusi\u00f3n del dictamen y orden de m\u00e9rito.<\/li><\/ol>\n\n\n\n<p>Quienes se presenten a la Selecci\u00f3n de antecedentes docentes no deben estar comprendidos\/as\/es en las cl\u00e1usulas de inhabilitaci\u00f3n para el desempe\u00f1o de cargos p\u00fablicos ni estar afectados\/as\/es por sumarios administrativos o litigios legales dentro del Gobierno de la Ciudad de Buenos Aires.<\/p>\n\n\n\n<p><strong>Plazo: del 03 de Agosto de 2022 al 02 de Septiembre de 2022.<\/strong><\/p>\n\n\n\n<p><strong>La fecha l\u00edmite para recepci\u00f3n de inscripciones es el 02 de Septiembre de<\/strong><strong> 2022 a las 23:59 hs.<\/strong><\/p>\n\n\n\n<p>La inscripci\u00f3n se realizar\u00e1 de forma digital por correo electr\u00f3nico a <strong>convocatorias.emad@gmail.com<\/strong>.<\/p>\n\n\n\n<p>Quienes aspiren al cargo deben enviar en total dos archivos en PDF, nombrados con sus datos tal como se explica a continuaci\u00f3n, teniendo en cuenta que quienes resulten seleccionados\/as\/es deber\u00e1n presentar el CV y la carpeta completa de Comprobantes de antecedentes en papel para dar inicio al tr\u00e1mite de designaci\u00f3n.<\/p>\n\n\n\n<p><strong>Archivo 1 CV-ANTECEDENTES<\/strong>:<\/p>\n\n\n\n<p>Apellido CV \u2013 Cargo.<\/p>\n\n\n\n<p><em>Ejemplo: P\u00e9rez CV \u2013 Preceptor\/a\/e-Bedel.pdf<\/em><\/p>\n\n\n\n<p>La presentaci\u00f3n del CV debe respetar el siguiente modelo. Los CV que no lo respeten no ser\u00e1n tenidos en cuenta.<\/p>\n\n\n\n<p><strong><em>Modelo de CV<\/em><\/strong><\/p>\n\n\n\n<p>Apellido, nombre.<\/p>\n\n\n\n<p>DNI. P\u00e1gina N\u00ba.<\/p>\n\n\n\n<p>Domicilio.<\/p>\n\n\n\n<p>C\u00f3digo postal.<\/p>\n\n\n\n<p>Tel\u00e9fono fijo.<\/p>\n\n\n\n<p>Tel\u00e9fono celular.<\/p>\n\n\n\n<p>Email.<\/p>\n\n\n\n<p>CUIL. P\u00e1gina N\u00ba.<\/p>\n\n\n\n<ol type=\"1\"><li><strong>T\u00edtulos obtenidos<\/strong><\/li><\/ol>\n\n\n\n<p>1.1. T\u00edtulo de base (superior o universitario, docente, tecnicatura superior o terciario) para el cargo que se postula). Instituci\u00f3n que lo otorga y a\u00f1o de egreso. P\u00e1gina N\u00ba.<\/p>\n\n\n\n<p>1.2. Otros t\u00edtulos. Instituci\u00f3n que lo otorga y a\u00f1o de egreso. En el caso de diplomaturas, especializaciones, maestr\u00edas, doctorados y otros posgrados con acreditaci\u00f3n oficial, se debe detallar obligatoriamente la carga horaria total. P\u00e1gina N\u00ba.<\/p>\n\n\n\n<p>Nota: En caso de t\u00edtulos intermedios u obtenidos a lo largo de una misma carrera, se valorar\u00e1 el obtenido en \u00faltimo t\u00e9rmino.<\/p>\n\n\n\n<p>1.3. Especial preparaci\u00f3n a considerar por la Comisi\u00f3n Evaluadora. P\u00e1gina N\u00ba. En caso de no contar con t\u00edtulo, presentar una nota para solicitar que se otorgue la Especial preparaci\u00f3n. Se aclara que si es otorgada, los antecedentes relevantes en formaci\u00f3n no volver\u00e1n a contabilizarse en el \u00edtem 3. El modelo puede consultarse aqu\u00ed: <a href=\"https:\/\/emad-caba.infd.edu.ar\/sitio\/modelo-carta-solicitud-especial-preparacion\/\" target=\"_blank\" rel=\"noreferrer noopener\">https:\/\/emad-caba.infd.edu.ar\/sitio\/modelo-carta-solicitud-especial-preparacion\/<\/a><\/p>\n\n\n\n<p>2. <strong>Antecedentes docentes<\/strong><\/p>\n\n\n\n<p>Especificar de la siguiente manera:<\/p>\n\n\n\n<figure class=\"wp-block-table\"><table><tbody><tr><td>Nombre de la materia<\/td><td>Cargo<\/td><td>Instituci\u00f3n<\/td><td>Nivel (Superior, Media, Primaria o Inicial)<\/td><td>Fecha de inicio<\/td><td>Fecha de cese o si contin\u00faa en la actualidad<\/td><td>Antig\u00fcedad expresada en a\u00f1os<\/td><td>P\u00e1gina N\u00ba<\/td><\/tr><tr><td>&nbsp;<\/td><td>&nbsp;<\/td><td>&nbsp;<\/td><td>&nbsp;<\/td><td>&nbsp;<\/td><td>&nbsp;<\/td><td>&nbsp;<\/td><td>&nbsp;<\/td><\/tr><\/tbody><\/table><\/figure>\n\n\n\n<ul><li>3.<strong>Otros antecedentes acad\u00e9micos y de especializaci\u00f3n <\/strong>para el cargo en el que se postula.<\/li><\/ul>\n\n\n\n<p>3.1. Dictado de cursos extracurriculares en instituciones reconocidas (considerar exclusivamente los relacionados con la especialidad, de duraci\u00f3n no inferior a 30 horas c\u00e1tedra totales, en instituciones terciarias no universitarias, universitarias u otras de nivel superior). Se computar\u00e1n hasta un total de 20 cursos en este \u00edtem.<\/p>\n\n\n\n<figure class=\"wp-block-table\"><table><tbody><tr><td>Nombre del curso\/taller\/seminario<\/td><td>Cargo<\/td><td>Instituci\u00f3n<\/td><td>Car\u00e1cter p\u00fablico o privado<\/td><td>Fecha de inicio<\/td><td>Fecha de cese o si contin\u00faa en la actualidad<\/td><td>P\u00e1gina N\u00ba<\/td><\/tr><tr><td>&nbsp;<\/td><td>&nbsp;<\/td><td>&nbsp;<\/td><td>&nbsp;<\/td><td>&nbsp;<\/td><td>&nbsp;<\/td><td>&nbsp;<\/td><\/tr><\/tbody><\/table><\/figure>\n\n\n\n<p>3.2. Carrera en curso espec\u00edfica y\/o af\u00edn con el cargo al que se presenta (se exige que tenga el 75% de la carrera cursada). P\u00e1gina N\u00ba.<\/p>\n\n\n\n<p>3.3. Otros cursos, seminarios, congresos y talleres en calidad de organizador\/a\/e, coordinador\/a\/e o disertante. Se computar\u00e1n hasta un total de 10 cursos en este \u00edtem. Detallar de la siguiente manera:<\/p>\n\n\n\n<p><em>Curso\/Seminario\/Taller. Rol. Instituci\u00f3n. Lugar. A\u00f1o. P\u00e1gina N\u00ba.<\/em><\/p>\n\n\n\n<p>3.4. Otros cursos, seminarios, congresos y talleres en calidad de asistente. Se computar\u00e1n hasta un total de 10 cursos en este \u00edtem. Detallar de la siguiente manera:<\/p>\n\n\n\n<p><em>Curso\/Seminario\/Taller. Rol. Instituci\u00f3n. Lugar. A\u00f1o. P\u00e1gina N\u00ba.<\/em><\/p>\n\n\n\n<p>3.5. Ponencias en congresos y jornadas. Se computar\u00e1n hasta un total de 10 ponencias en este \u00edtem. Detallar de la siguiente manera.<\/p>\n\n\n\n<p><em>T\u00edtulo. Actividad (Congreso, jornada, encuentro, etc.). Instituci\u00f3n. Lugar. A\u00f1o. P\u00e1gina N\u00ba.<\/em><\/p>\n\n\n\n<p>3.6. Publicaciones (material did\u00e1ctico, libros, art\u00edculos, cuadernillos, fichas). Se computar\u00e1n hasta un total de 10 publicaciones en este \u00edtem. Citar de la siguiente manera.<\/p>\n\n\n\n<p><em>Autor(es). T\u00edtulo. Lugar. A\u00f1o. P\u00e1gina N\u00ba.<\/em><\/p>\n\n\n\n<p> 4. <strong>Antecedentes art\u00edsticos. <\/strong>Citar de la siguiente manera y ordenar por fecha en orden descendente. Cada obra o espect\u00e1culo deber\u00e1 citarse una sola vez y aclarar si particip\u00f3 en festivales o giras en la misma l\u00ednea. Se computar\u00e1n hasta un total de 45 antecedentes en este \u00edtem.<\/p>\n\n\n\n<p><em>Obra\/Espect\u00e1culo. Rol. Presentaciones (incluir aqu\u00ed festivales, giras, etc.). Lugar(es). A\u00f1o(s). P\u00e1gina N\u00ba.<\/em><\/p>\n\n\n\n<p>5. <strong>Otros antecedentes <\/strong>vinculados con la instancia curricular. Se computar\u00e1n hasta un total de 10 antecedentes en este \u00edtem.<\/p>\n\n\n\n<p>5.1. Becas y premios. P\u00e1gina N\u00ba.<\/p>\n\n\n\n<p>5.2. Proyectos de Investigaci\u00f3n y Extensi\u00f3n (vinculados con la instancia curricular). P\u00e1gina N\u00ba.<\/p>\n\n\n\n<p>5.3. Cargos de gesti\u00f3n (relacionados con la instancia a la que se postula). P\u00e1gina N\u00ba.<\/p>\n\n\n\n<p>5.4. Otros antecedentes espec\u00edficos. P\u00e1gina N\u00ba.<\/p>\n\n\n\n<p>5.5. Otros antecedentes no espec\u00edficos. P\u00e1gina N\u00ba.<\/p>\n\n\n\n<p><strong>Archivo 2 COMPROBANTES DE ANTECEDENTES<\/strong>:<\/p>\n\n\n\n<p>Apellido Comprobantes \u2013 Cargo.<\/p>\n\n\n\n<p><em>Ejemplo: P\u00e9rez Comprobantes \u2013 Preceptor\/a\/e-Bedel.pdf<\/em><\/p>\n\n\n\n<p><strong><u>Se solicitan los comprobantes correspondientes a todos los \u00edtems que se mencionan en el CV <\/u><\/strong>(t\u00edtulos, antecedentes docentes, cursos dictados, cursos asistidos, antecedentes art\u00edsticos, etc.). Deben escanearse y presentarse en un \u00fanico archivo PDF cuya paginaci\u00f3n est\u00e9 indicada en el detalle de los \u00edtems se\u00f1alados en el CV. Las postulaciones que no sean presentadas en las condiciones indicadas quedar\u00e1n autom\u00e1ticamente desestimadas sin derecho a reclamo alguno.<\/p>\n\n\n\n<p><strong>La Comisi\u00f3n Evaluadora estar\u00e1 integrada por la Rector\u00eda, la Secretar\u00eda Docente y las Regencias de la EMAD.<\/strong><\/p>\n","protected":false},"excerpt":{"rendered":"<p>( INSCRIPCI\u00d3N CERRADA) Convocatoria: Selecci\u00f3n de antecedentes \u2013 PRECEPTOR\u00cdA La Rector\u00eda y el Consejo Directivo de la EMAD convocan a inscripci\u00f3n para la Selecci\u00f3n de Antecedentes con el fin de establecer un orden de m\u00e9rito vigente por 3 (tres) a\u00f1os para cubrir 7 (siete) cargos interinos de Preceptor\u00eda para todas las sedes y turnos de &#8230; <a title=\"Convocatoria: Selecci\u00f3n de antecedentes &#8211; PRECEPTOR\u00cdA\" class=\"read-more\" href=\"https:\/\/emad-caba.infd.edu.ar\/sitio\/convocatoria-seleccion-de-antecedentes-preceptoria\/\" aria-label=\"More on Convocatoria: Selecci\u00f3n de antecedentes &#8211; PRECEPTOR\u00cdA\">[+]<\/a><\/p>\n","protected":false},"author":195,"featured_media":0,"parent":0,"menu_order":0,"comment_status":"closed","ping_status":"closed","template":"","meta":[],"acf":[],"_links":{"self":[{"href":"https:\/\/emad-caba.infd.edu.ar\/sitio\/wp-json\/wp\/v2\/pages\/4163"}],"collection":[{"href":"https:\/\/emad-caba.infd.edu.ar\/sitio\/wp-json\/wp\/v2\/pages"}],"about":[{"href":"https:\/\/emad-caba.infd.edu.ar\/sitio\/wp-json\/wp\/v2\/types\/page"}],"author":[{"embeddable":true,"href":"https:\/\/emad-caba.infd.edu.ar\/sitio\/wp-json\/wp\/v2\/users\/195"}],"replies":[{"embeddable":true,"href":"https:\/\/emad-caba.infd.edu.ar\/sitio\/wp-json\/wp\/v2\/comments?post=4163"}],"version-history":[{"count":5,"href":"https:\/\/emad-caba.infd.edu.ar\/sitio\/wp-json\/wp\/v2\/pages\/4163\/revisions"}],"predecessor-version":[{"id":4286,"href":"https:\/\/emad-caba.infd.edu.ar\/sitio\/wp-json\/wp\/v2\/pages\/4163\/revisions\/4286"}],"wp:attachment":[{"href":"https:\/\/emad-caba.infd.edu.ar\/sitio\/wp-json\/wp\/v2\/media?parent=4163"}],"curies":[{"name":"wp","href":"https:\/\/api.w.org\/{rel}","templated":true}]}}